{"id":229,"date":"2020-09-01T10:12:31","date_gmt":"2020-09-01T08:12:31","guid":{"rendered":"https:\/\/www.sv-moetzingen.de\/svm\/?page_id=229"},"modified":"2025-04-25T16:00:35","modified_gmt":"2025-04-25T14:00:35","slug":"jugend","status":"publish","type":"page","link":"https:\/\/www.sv-moetzingen.de\/svm\/jugend\/","title":{"rendered":"JUGEND"},"content":{"rendered":"\n<div class=\"wp-block-columns is-layout-flex wp-container-core-columns-is-layout-9d6595d7 wp-block-columns-is-layout-flex\">\n<div class=\"wp-block-column is-layout-flow wp-block-column-is-layout-flow\">\n<div class=\"wp-block-columns is-layout-flex wp-container-core-columns-is-layout-9d6595d7 wp-block-columns-is-layout-flex\">\n<div class=\"wp-block-column is-layout-flow wp-block-column-is-layout-flow\" style=\"flex-basis:33.33%\">\n<p><strong>Jugendleitung M\u00f6tzingen<\/strong><\/p>\n<\/div>\n\n\n\n<div class=\"wp-block-column is-layout-flow wp-block-column-is-layout-flow\" style=\"flex-basis:66.66%\">\n<p>Daniel Lomba<br>ju&#103;&#101;&#110;&#100;&#x6c;&#x65;&#x69;&#x74;&#x65;r&#64;&#115;&#118;&#45;&#109;&#x6f;&#x65;&#x74;&#x7a;&#x69;ng&#101;&#110;&#46;&#100;&#x65;<\/p>\n<\/div>\n<\/div>\n<\/div>\n<\/div>\n\n\n\n<div class=\"wp-block-columns is-layout-flex wp-container-core-columns-is-layout-9d6595d7 wp-block-columns-is-layout-flex\">\n<div class=\"wp-block-column is-layout-flow wp-block-column-is-layout-flow\">\n<p><strong>Jugend\/Jahrgang<\/strong><\/p>\n<\/div>\n\n\n\n<div class=\"wp-block-column is-layout-flow wp-block-column-is-layout-flow\">\n<p><strong>Betreuer<\/strong><\/p>\n<\/div>\n\n\n\n<div class=\"wp-block-column is-layout-flow wp-block-column-is-layout-flow\">\n<p><strong>Trainingszeiten\/Ort<\/strong><\/p>\n<\/div>\n<\/div>\n\n\n\n<div class=\"wp-block-columns is-layout-flex wp-container-core-columns-is-layout-9d6595d7 wp-block-columns-is-layout-flex\">\n<div class=\"wp-block-column is-layout-flow wp-block-column-is-layout-flow\">\n<p><strong>A-Junioren <\/strong>(2006-2007)<br>SG Jettingen\/M\u00f6tzingen<\/p>\n<\/div>\n\n\n\n<div class=\"wp-block-column is-layout-flow wp-block-column-is-layout-flow\">\n<p>Mehmet Eski<\/p>\n<\/div>\n\n\n\n<div class=\"wp-block-column is-layout-flow wp-block-column-is-layout-flow\">\n<p>Montag 19.00 &#8211; 20.30<br>Mittwoch 19.00 &#8211; 20.30<br>Unterjettingen<\/p>\n<\/div>\n<\/div>\n\n\n\n<div class=\"wp-block-columns is-layout-flex wp-container-core-columns-is-layout-9d6595d7 wp-block-columns-is-layout-flex\">\n<div class=\"wp-block-column is-layout-flow wp-block-column-is-layout-flow\">\n<p><strong>B-Junioren <\/strong>(2008-2009)<br>SG Jettingen\/M\u00f6tzingen<\/p>\n<\/div>\n\n\n\n<div class=\"wp-block-column is-layout-flow wp-block-column-is-layout-flow\">\n<p>Pascal B\u00fchler<br>Gunther Kaiser<br>Philip Baitinger<\/p>\n<\/div>\n\n\n\n<div class=\"wp-block-column is-layout-flow wp-block-column-is-layout-flow\">\n<p>Montag 18.30 &#8211; 20.00<br>Mittwoch 18.30 &#8211; 20.00<br>Oberjettingen<\/p>\n<\/div>\n<\/div>\n\n\n\n<div class=\"wp-block-columns is-layout-flex wp-container-core-columns-is-layout-9d6595d7 wp-block-columns-is-layout-flex\">\n<div class=\"wp-block-column is-layout-flow wp-block-column-is-layout-flow\">\n<p><strong>C1-Junioren <\/strong>(2010-2011)<br>SG M\u00f6tzingen\/Jettingen<\/p>\n<\/div>\n\n\n\n<div class=\"wp-block-column is-layout-flow wp-block-column-is-layout-flow\">\n<p>Yannik Russ<br>Florian Stephan<br>Matthias Seeger<\/p>\n<\/div>\n\n\n\n<div class=\"wp-block-column is-layout-flow wp-block-column-is-layout-flow\">\n<p>Dienstag 17.45 &#8211; 19.15<br>Donnerstag 17.45 &#8211; 19.15<br>Oberjettingen<\/p>\n<\/div>\n<\/div>\n\n\n\n<div class=\"wp-block-columns is-layout-flex wp-container-core-columns-is-layout-9d6595d7 wp-block-columns-is-layout-flex\">\n<div class=\"wp-block-column is-layout-flow wp-block-column-is-layout-flow\">\n<p><strong>C2-Junioren <\/strong>(2010-2011)<br>SG M\u00f6tzingen\/Jettingen<\/p>\n<\/div>\n\n\n\n<div class=\"wp-block-column is-layout-flow wp-block-column-is-layout-flow\">\n<p>Yannik Russ<br>Florian Stephan<br>Matthias Seeger<\/p>\n<\/div>\n\n\n\n<div class=\"wp-block-column is-layout-flow wp-block-column-is-layout-flow\">\n<p>Dienstag 17.45 &#8211; 19.15<br>Donnerstag 17.45 &#8211; 19.15<br>Oberjettingen<\/p>\n<\/div>\n<\/div>\n\n\n\n<div class=\"wp-block-columns is-layout-flex wp-container-core-columns-is-layout-9d6595d7 wp-block-columns-is-layout-flex\">\n<div class=\"wp-block-column is-layout-flow wp-block-column-is-layout-flow\">\n<p><strong>D1-Junioren<\/strong> (2012-2013)<br>SG M\u00f6tzingen\/Jettingen<\/p>\n<\/div>\n\n\n\n<div class=\"wp-block-column is-layout-flow wp-block-column-is-layout-flow\">\n<p>Benjamin Schiebel<br>Moritz Blaskow<br>Reiner Renz<br>Gerhard D\u00f6bele<br>Rolf R\u00f6hm<br>Floriam Fleischle<br>Ilir Hoxhaj<br>Murat Balin<br>Sebastian H\u00e4mmerling<\/p>\n<\/div>\n\n\n\n<div class=\"wp-block-column is-layout-flow wp-block-column-is-layout-flow\">\n<p>Montag 17.30 &#8211; 19.00<br>Mittwoch 17.30 &#8211; 19.00<br>M\u00f6tzingen<\/p>\n<\/div>\n<\/div>\n\n\n\n<div class=\"wp-block-columns is-layout-flex wp-container-core-columns-is-layout-9d6595d7 wp-block-columns-is-layout-flex\">\n<div class=\"wp-block-column is-layout-flow wp-block-column-is-layout-flow\">\n<p><strong>D2-Junioren<\/strong> (2012-2013)<br>SG M\u00f6tzingen\/Jettingen<\/p>\n<\/div>\n\n\n\n<div class=\"wp-block-column is-layout-flow wp-block-column-is-layout-flow\">\n<p>Benjamin Schiebel<br>Moritz Blaskow<br>Reiner Renz<br>Gerhard D\u00f6bele<br>Rolf R\u00f6hm<br>Floriam Fleischle<br>Ilir Hoxhaj<br>Murat Balin<br>Sebastian H\u00e4mmerling<\/p>\n<\/div>\n\n\n\n<div class=\"wp-block-column is-layout-flow wp-block-column-is-layout-flow\">\n<p>Montag 17.30 &#8211; 19.00<br>Mittwoch 17.30 &#8211; 19.00<br>M\u00f6tzingen<\/p>\n<\/div>\n<\/div>\n\n\n\n<div class=\"wp-block-columns is-layout-flex wp-container-core-columns-is-layout-9d6595d7 wp-block-columns-is-layout-flex\">\n<div class=\"wp-block-column is-layout-flow wp-block-column-is-layout-flow\">\n<p><strong>D3-Junioren<\/strong> (2012-2013)<br>SG M\u00f6tzingen\/Jettingen<\/p>\n<\/div>\n\n\n\n<div class=\"wp-block-column is-layout-flow wp-block-column-is-layout-flow\">\n<p>Benjamin Schiebel<br>Moritz Blaskow<br>Reiner Renz<br>Gerhard D\u00f6bele<br>Rolf R\u00f6hm<br>Floriam Fleischle<br>Ilir Hoxhaj<br>Murat Balin<br>Sebastian H\u00e4mmerling<\/p>\n<\/div>\n\n\n\n<div class=\"wp-block-column is-layout-flow wp-block-column-is-layout-flow\">\n<p>Montag 17.30 &#8211; 19.00<br>Mittwoch 17.30 &#8211; 19.00<br>M\u00f6tzingen<\/p>\n<\/div>\n<\/div>\n\n\n\n<div class=\"wp-block-columns is-layout-flex wp-container-core-columns-is-layout-9d6595d7 wp-block-columns-is-layout-flex\">\n<div class=\"wp-block-column is-layout-flow wp-block-column-is-layout-flow\">\n<p><strong>E-Junioren<\/strong> (2014-2015)<br>SV M\u00f6tzingen<\/p>\n<\/div>\n\n\n\n<div class=\"wp-block-column is-layout-flow wp-block-column-is-layout-flow\">\n<p>Aaron Heinz,<br>Steffen Schiebel<br>Ibrahim Atar<\/p>\n<\/div>\n\n\n\n<div class=\"wp-block-column is-layout-flow wp-block-column-is-layout-flow\">\n<p>Dienstag 16.30 &#8211; 18.00<br>Donnerstag 16.30 &#8211; 18.00<br>M\u00f6tzingen<\/p>\n<\/div>\n<\/div>\n\n\n\n<div class=\"wp-block-columns is-layout-flex wp-container-core-columns-is-layout-9d6595d7 wp-block-columns-is-layout-flex\">\n<div class=\"wp-block-column is-layout-flow wp-block-column-is-layout-flow\">\n<p><strong>F1-Junioren<\/strong> (2016)<br>SV M\u00f6tzingen<\/p>\n<\/div>\n\n\n\n<div class=\"wp-block-column is-layout-flow wp-block-column-is-layout-flow\">\n<p>Helmut Weichel\/Niko Charalambous<\/p>\n<\/div>\n\n\n\n<div class=\"wp-block-column is-layout-flow wp-block-column-is-layout-flow\">\n<p>Montag 16.30 &#8211; 18.00<br>Mittwoch 16.30 &#8211; 18.00<br>M\u00f6tzingen<\/p>\n<\/div>\n<\/div>\n\n\n\n<div class=\"wp-block-columns is-layout-flex wp-container-core-columns-is-layout-9d6595d7 wp-block-columns-is-layout-flex\">\n<div class=\"wp-block-column is-layout-flow wp-block-column-is-layout-flow\">\n<p><strong>F2-Junioren<\/strong> (2017)<br>SV M\u00f6tzingen<\/p>\n<\/div>\n\n\n\n<div class=\"wp-block-column is-layout-flow wp-block-column-is-layout-flow\">\n<p>Helmut Weichel\/Niko Charalambous<\/p>\n<\/div>\n\n\n\n<div class=\"wp-block-column is-layout-flow wp-block-column-is-layout-flow\">\n<p>Montag 16.30 &#8211; 18.00<br>Mittwoch 16.30 &#8211; 18.00<br>M\u00f6tzingen<\/p>\n<\/div>\n<\/div>\n\n\n\n<div class=\"wp-block-columns is-layout-flex wp-container-core-columns-is-layout-9d6595d7 wp-block-columns-is-layout-flex\">\n<div class=\"wp-block-column is-layout-flow wp-block-column-is-layout-flow\">\n<p><strong>Bambinis<\/strong> (ab 2018)<br>SV M\u00f6tzingen<\/p>\n<\/div>\n\n\n\n<div class=\"wp-block-column is-layout-flow wp-block-column-is-layout-flow\">\n<p>Sonja Krollzig<\/p>\n<\/div>\n\n\n\n<div class=\"wp-block-column is-layout-flow wp-block-column-is-layout-flow\">\n<p>Mittwoch 15.00 &#8211; 17.00<br>M\u00f6tzingen<\/p>\n<\/div>\n<\/div>\n\n\n\n<p><\/p>\n","protected":false},"excerpt":{"rendered":"<p>Jugendleitung M\u00f6tzingen Daniel Lomba&#x6a;&#117;&#103;e&#x6e;&#x64;&#108;e&#x69;&#x74;&#101;r&#x40;&#x73;&#118;-&#x6d;&#x6f;&#101;t&#x7a;&#x69;&#110;g&#x65;&#x6e;&#46;&#100;e Jugend\/Jahrgang Betreuer Trainingszeiten\/Ort A-Junioren (2006-2007)SG Jettingen\/M\u00f6tzingen Mehmet Eski Montag 19.00 &#8211; 20.30Mittwoch 19.00 &#8211; 20.30Unterjettingen B-Junioren (2008-2009)SG Jettingen\/M\u00f6tzingen Pascal B\u00fchlerGunther KaiserPhilip Baitinger Montag 18.30 &#8211; 20.00Mittwoch 18.30 &#8211; 20.00Oberjettingen C1-Junioren (2010-2011)SG M\u00f6tzingen\/Jettingen Yannik RussFlorian StephanMatthias Seeger<\/p>\n","protected":false},"author":1,"featured_media":0,"parent":0,"menu_order":0,"comment_status":"closed","ping_status":"closed","template":"","meta":{"footnotes":""},"class_list":["post-229","page","type-page","status-publish","hentry"],"yoast_head":"<!-- This site is optimized with the Yoast SEO plugin v27.4 - https:\/\/yoast.com\/product\/yoast-seo-wordpress\/ -->\n<title>JUGEND &#8211; SV M\u00f6tzingen<\/title>\n<meta name=\"robots\" content=\"index, follow, max-snippet:-1, max-image-preview:large, max-video-preview:-1\" \/>\n<link rel=\"canonical\" href=\"https:\/\/www.sv-moetzingen.de\/svm\/jugend\/\" \/>\n<meta property=\"og:locale\" content=\"de_DE\" \/>\n<meta property=\"og:type\" content=\"article\" \/>\n<meta property=\"og:title\" content=\"JUGEND &#8211; SV M\u00f6tzingen\" \/>\n<meta property=\"og:description\" content=\"Jugendleitung M\u00f6tzingen Daniel Lomba&#106;&#x75;&#x67;e&#110;&#x64;l&#101;&#x69;t&#101;&#x72;&#064;&#115;&#x76;&#x2d;&#109;&#x6f;&#x65;t&#122;&#x69;n&#103;&#x65;n&#046;&#x64;&#x65; Jugend\/Jahrgang Betreuer Trainingszeiten\/Ort A-Junioren (2006-2007)SG Jettingen\/M\u00f6tzingen Mehmet Eski Montag 19.00 &#8211; 20.30Mittwoch 19.00 &#8211; 20.30Unterjettingen B-Junioren (2008-2009)SG Jettingen\/M\u00f6tzingen Pascal B\u00fchlerGunther KaiserPhilip Baitinger Montag 18.30 &#8211; 20.00Mittwoch 18.30 &#8211; 20.00Oberjettingen C1-Junioren (2010-2011)SG M\u00f6tzingen\/Jettingen Yannik RussFlorian StephanMatthias Seeger\" \/>\n<meta property=\"og:url\" content=\"https:\/\/www.sv-moetzingen.de\/svm\/jugend\/\" \/>\n<meta property=\"og:site_name\" content=\"SV M\u00f6tzingen\" \/>\n<meta property=\"article:publisher\" content=\"https:\/\/www.facebook.com\/SV-M%c3%b6tzingen-1925-eV-1475445622769203\" \/>\n<meta property=\"article:modified_time\" content=\"2025-04-25T14:00:35+00:00\" \/>\n<meta name=\"twitter:card\" content=\"summary_large_image\" \/>\n<meta name=\"twitter:label1\" content=\"Gesch\u00e4tzte Lesezeit\" \/>\n\t<meta name=\"twitter:data1\" content=\"2\u00a0Minuten\" \/>\n<script type=\"application\/ld+json\" class=\"yoast-schema-graph\">{\"@context\":\"https:\\\/\\\/schema.org\",\"@graph\":[{\"@type\":\"WebPage\",\"@id\":\"https:\\\/\\\/www.sv-moetzingen.de\\\/svm\\\/jugend\\\/\",\"url\":\"https:\\\/\\\/www.sv-moetzingen.de\\\/svm\\\/jugend\\\/\",\"name\":\"JUGEND &#8211; SV M\u00f6tzingen\",\"isPartOf\":{\"@id\":\"https:\\\/\\\/www.sv-moetzingen.de\\\/svm\\\/#website\"},\"datePublished\":\"2020-09-01T08:12:31+00:00\",\"dateModified\":\"2025-04-25T14:00:35+00:00\",\"breadcrumb\":{\"@id\":\"https:\\\/\\\/www.sv-moetzingen.de\\\/svm\\\/jugend\\\/#breadcrumb\"},\"inLanguage\":\"de\",\"potentialAction\":[{\"@type\":\"ReadAction\",\"target\":[\"https:\\\/\\\/www.sv-moetzingen.de\\\/svm\\\/jugend\\\/\"]}]},{\"@type\":\"BreadcrumbList\",\"@id\":\"https:\\\/\\\/www.sv-moetzingen.de\\\/svm\\\/jugend\\\/#breadcrumb\",\"itemListElement\":[{\"@type\":\"ListItem\",\"position\":1,\"name\":\"Startseite\",\"item\":\"https:\\\/\\\/www.sv-moetzingen.de\\\/svm\\\/\"},{\"@type\":\"ListItem\",\"position\":2,\"name\":\"JUGEND\"}]},{\"@type\":\"WebSite\",\"@id\":\"https:\\\/\\\/www.sv-moetzingen.de\\\/svm\\\/#website\",\"url\":\"https:\\\/\\\/www.sv-moetzingen.de\\\/svm\\\/\",\"name\":\"SV M\u00f6tzingen 1925 e.V.\",\"description\":\"\",\"publisher\":{\"@id\":\"https:\\\/\\\/www.sv-moetzingen.de\\\/svm\\\/#organization\"},\"potentialAction\":[{\"@type\":\"SearchAction\",\"target\":{\"@type\":\"EntryPoint\",\"urlTemplate\":\"https:\\\/\\\/www.sv-moetzingen.de\\\/svm\\\/?s={search_term_string}\"},\"query-input\":{\"@type\":\"PropertyValueSpecification\",\"valueRequired\":true,\"valueName\":\"search_term_string\"}}],\"inLanguage\":\"de\"},{\"@type\":\"Organization\",\"@id\":\"https:\\\/\\\/www.sv-moetzingen.de\\\/svm\\\/#organization\",\"name\":\"SV M\u00f6tzingen 1925 e.V.\",\"url\":\"https:\\\/\\\/www.sv-moetzingen.de\\\/svm\\\/\",\"logo\":{\"@type\":\"ImageObject\",\"inLanguage\":\"de\",\"@id\":\"https:\\\/\\\/www.sv-moetzingen.de\\\/svm\\\/#\\\/schema\\\/logo\\\/image\\\/\",\"url\":\"\",\"contentUrl\":\"\",\"caption\":\"SV M\u00f6tzingen 1925 e.V.\"},\"image\":{\"@id\":\"https:\\\/\\\/www.sv-moetzingen.de\\\/svm\\\/#\\\/schema\\\/logo\\\/image\\\/\"},\"sameAs\":[\"https:\\\/\\\/www.facebook.com\\\/SV-M\u00f6tzingen-1925-eV-1475445622769203\"]}]}<\/script>\n<!-- \/ Yoast SEO plugin. -->","yoast_head_json":{"title":"JUGEND &#8211; SV M\u00f6tzingen","robots":{"index":"index","follow":"follow","max-snippet":"max-snippet:-1","max-image-preview":"max-image-preview:large","max-video-preview":"max-video-preview:-1"},"canonical":"https:\/\/www.sv-moetzingen.de\/svm\/jugend\/","og_locale":"de_DE","og_type":"article","og_title":"JUGEND &#8211; SV M\u00f6tzingen","og_description":"Jugendleitung M\u00f6tzingen Daniel Lomba&#106;&#x75;&#x67;e&#110;&#x64;l&#101;&#x69;t&#101;&#x72;&#64;&#115;&#x76;&#x2d;&#109;&#x6f;&#x65;t&#122;&#x69;n&#103;&#x65;n&#46;&#x64;&#x65; Jugend\/Jahrgang Betreuer Trainingszeiten\/Ort A-Junioren (2006-2007)SG Jettingen\/M\u00f6tzingen Mehmet Eski Montag 19.00 &#8211; 20.30Mittwoch 19.00 &#8211; 20.30Unterjettingen B-Junioren (2008-2009)SG Jettingen\/M\u00f6tzingen Pascal B\u00fchlerGunther KaiserPhilip Baitinger Montag 18.30 &#8211; 20.00Mittwoch 18.30 &#8211; 20.00Oberjettingen C1-Junioren (2010-2011)SG M\u00f6tzingen\/Jettingen Yannik RussFlorian StephanMatthias Seeger","og_url":"https:\/\/www.sv-moetzingen.de\/svm\/jugend\/","og_site_name":"SV M\u00f6tzingen","article_publisher":"https:\/\/www.facebook.com\/SV-M%c3%b6tzingen-1925-eV-1475445622769203","article_modified_time":"2025-04-25T14:00:35+00:00","twitter_card":"summary_large_image","twitter_misc":{"Gesch\u00e4tzte Lesezeit":"2\u00a0Minuten"},"schema":{"@context":"https:\/\/schema.org","@graph":[{"@type":"WebPage","@id":"https:\/\/www.sv-moetzingen.de\/svm\/jugend\/","url":"https:\/\/www.sv-moetzingen.de\/svm\/jugend\/","name":"JUGEND &#8211; SV M\u00f6tzingen","isPartOf":{"@id":"https:\/\/www.sv-moetzingen.de\/svm\/#website"},"datePublished":"2020-09-01T08:12:31+00:00","dateModified":"2025-04-25T14:00:35+00:00","breadcrumb":{"@id":"https:\/\/www.sv-moetzingen.de\/svm\/jugend\/#breadcrumb"},"inLanguage":"de","potentialAction":[{"@type":"ReadAction","target":["https:\/\/www.sv-moetzingen.de\/svm\/jugend\/"]}]},{"@type":"BreadcrumbList","@id":"https:\/\/www.sv-moetzingen.de\/svm\/jugend\/#breadcrumb","itemListElement":[{"@type":"ListItem","position":1,"name":"Startseite","item":"https:\/\/www.sv-moetzingen.de\/svm\/"},{"@type":"ListItem","position":2,"name":"JUGEND"}]},{"@type":"WebSite","@id":"https:\/\/www.sv-moetzingen.de\/svm\/#website","url":"https:\/\/www.sv-moetzingen.de\/svm\/","name":"SV M\u00f6tzingen 1925 e.V.","description":"","publisher":{"@id":"https:\/\/www.sv-moetzingen.de\/svm\/#organization"},"potentialAction":[{"@type":"SearchAction","target":{"@type":"EntryPoint","urlTemplate":"https:\/\/www.sv-moetzingen.de\/svm\/?s={search_term_string}"},"query-input":{"@type":"PropertyValueSpecification","valueRequired":true,"valueName":"search_term_string"}}],"inLanguage":"de"},{"@type":"Organization","@id":"https:\/\/www.sv-moetzingen.de\/svm\/#organization","name":"SV M\u00f6tzingen 1925 e.V.","url":"https:\/\/www.sv-moetzingen.de\/svm\/","logo":{"@type":"ImageObject","inLanguage":"de","@id":"https:\/\/www.sv-moetzingen.de\/svm\/#\/schema\/logo\/image\/","url":"","contentUrl":"","caption":"SV M\u00f6tzingen 1925 e.V."},"image":{"@id":"https:\/\/www.sv-moetzingen.de\/svm\/#\/schema\/logo\/image\/"},"sameAs":["https:\/\/www.facebook.com\/SV-M\u00f6tzingen-1925-eV-1475445622769203"]}]}},"rttpg_featured_image_url":null,"rttpg_author":{"display_name":"sira","author_link":"https:\/\/www.sv-moetzingen.de\/svm\/author\/sira\/"},"rttpg_comment":0,"rttpg_category":null,"rttpg_excerpt":"Jugendleitung M\u00f6tzingen Daniel Lomba&#106;&#x75;g&#101;&#x6e;d&#x6c;&#x65;&#105;&#x74;e&#114;&#x40;s&#118;&#x2d;&#109;&#x6f;e&#116;&#x7a;i&#110;&#x67;&#101;&#x6e;&#x2e;&#100;&#x65; Jugend\/Jahrgang Betreuer Trainingszeiten\/Ort A-Junioren (2006-2007)SG Jettingen\/M\u00f6tzingen Mehmet Eski Montag 19.00 &#8211; 20.30Mittwoch 19.00 &#8211; 20.30Unterjettingen B-Junioren (2008-2009)SG Jettingen\/M\u00f6tzingen Pascal B\u00fchlerGunther KaiserPhilip Baitinger Montag 18.30 &#8211; 20.00Mittwoch 18.30 &#8211; 20.00Oberjettingen C1-Junioren (2010-2011)SG M\u00f6tzingen\/Jettingen Yannik RussFlorian StephanMatthias Seeger","_links":{"self":[{"href":"https:\/\/www.sv-moetzingen.de\/svm\/wp-json\/wp\/v2\/pages\/229","targetHints":{"allow":["GET"]}}],"collection":[{"href":"https:\/\/www.sv-moetzingen.de\/svm\/wp-json\/wp\/v2\/pages"}],"about":[{"href":"https:\/\/www.sv-moetzingen.de\/svm\/wp-json\/wp\/v2\/types\/page"}],"author":[{"embeddable":true,"href":"https:\/\/www.sv-moetzingen.de\/svm\/wp-json\/wp\/v2\/users\/1"}],"replies":[{"embeddable":true,"href":"https:\/\/www.sv-moetzingen.de\/svm\/wp-json\/wp\/v2\/comments?post=229"}],"version-history":[{"count":18,"href":"https:\/\/www.sv-moetzingen.de\/svm\/wp-json\/wp\/v2\/pages\/229\/revisions"}],"predecessor-version":[{"id":2492,"href":"https:\/\/www.sv-moetzingen.de\/svm\/wp-json\/wp\/v2\/pages\/229\/revisions\/2492"}],"wp:attachment":[{"href":"https:\/\/www.sv-moetzingen.de\/svm\/wp-json\/wp\/v2\/media?parent=229"}],"curies":[{"name":"wp","href":"https:\/\/api.w.org\/{rel}","templated":true}]}}